{"id":45854,"date":"2022-10-11T14:29:29","date_gmt":"2022-10-11T17:29:29","guid":{"rendered":"http:\/\/lafase.cl\/?page_id=45854"},"modified":"2022-10-11T15:12:18","modified_gmt":"2022-10-11T18:12:18","slug":"proyecto-nuestra-alianza-2030","status":"publish","type":"page","link":"https:\/\/lafase.cl\/fr\/establecimiento\/proyecto-nuestra-alianza-2030\/","title":{"rendered":"Projet \u00ab\u00a0Notre Alliance 2030\u00a0\u00bb"},"content":{"rendered":"<section class=\"wpb-content-wrapper\"><p>[vc_row][vc_column][vc_custom_heading text=\u00a0\u00bbProjet \u00ab\u00a0Notre Alliance 2030\u00ab\u00a0\u00a0\u00bb font_container=\u00a0\u00bbtag:h3|text_align:left\u00a0\u00bb use_theme_fonts=\u00a0\u00bbyes\u00a0\u00bb][vc_column_text]<\/p>\n<pre>Depuis plus de 60 ans, notre \u00e9cole, le lyc\u00e9e de l'Alliance Fran\u00e7aise Antoine de Saint-Exup\u00e9ry, forme des \u00e9l\u00e8ves plurilingues, cosmopolites, \u00e0 l'esprit critique, qui se d\u00e9marquent dans leur domaine et contribuent au d\u00e9veloppement de notre soci\u00e9t\u00e9. Depuis sa fondation en 1959, nous avons \u00e9t\u00e9 t\u00e9moins de grands changements culturels et sociaux qui nous ont marqu\u00e9s. \r\n\r\nNous vivons aujourd'hui \u00e0 une \u00e9poque o\u00f9 la transformation permanente est la r\u00e8gle et nous invite \u00e0 r\u00e9fl\u00e9chir \u00e0 qui nous voulons \u00eatre \u00e0 court, moyen et long terme. En tant que formateurs des acteurs de demain, nous pensons qu'il est primordial de se donner un espace pour r\u00e9fl\u00e9chir sur nos valeurs, mais aussi sur comment et dans quelle direction nous voulons \u00e9voluer dans les ann\u00e9es \u00e0 venir. Quelle ambition avons-nous pour notre \u00e9cole ? Quels d\u00e9fis le contexte actuel et futur pose-t-il ? Quelle \u00e9cole voulons-nous continuer \u00e0 construire pour nos \u00e9l\u00e8ves ? Quels sont nos points forts ? Que pouvons-nous am\u00e9liorer? Que devrions-nous changer ? \r\n\r\nPour r\u00e9pondre \u00e0 ces questions et d\u00e9finir une feuille de route \u00e0 moyen terme, et comme annonc\u00e9 lors de la derni\u00e8re Assembl\u00e9e G\u00e9n\u00e9rale, nous avons initi\u00e9 un processus de r\u00e9flexion de fond, que nous souhaitons collaboratif et transversal, dans lequel participeront, d'ici la fin de l'ann\u00e9e, tous les acteurs de la communaut\u00e9 (\u00e9l\u00e8ves, parents, personnels, corporation, AEFE et autres acteurs pertinents pour notre \u00e9tablissement), accompagn\u00e9s par CLA Consulting. \r\n\r\nUn groupe de travail repr\u00e9sentatif de la communaut\u00e9 sera charg\u00e9 de guider ce processus, afin d'aligner les diverses perspectives autour d'un objectif et d'un plan communs. Ce comit\u00e9 est compos\u00e9 des personnes suivantes : \r\n\r\n-\u00a0\u00a0\u00a0\u00a0\u00a0\u00a0\u00a0\u00a0\u00a0\u00a0\u00a0\u00a0\u00a0 Fabrice Alvarez, Proviseur \r\n\r\n-\u00a0\u00a0\u00a0\u00a0\u00a0\u00a0\u00a0\u00a0\u00a0\u00a0\u00a0\u00a0\u00a0 Maria Paz Cerda, Pr\u00e9sidente du \"directorio de la Corporaci\u00f3n\" \r\n\r\n-\u00a0\u00a0\u00a0\u00a0\u00a0\u00a0\u00a0\u00a0\u00a0\u00a0\u00a0\u00a0\u00a0 Marie Deschaseaux, Vice-presidente du \"Directorio de la Corporaci\u00f3n\" \r\n\r\n-\u00a0\u00a0\u00a0\u00a0\u00a0\u00a0\u00a0\u00a0\u00a0\u00a0\u00a0\u00a0\u00a0 Peggy Lehmann, Directora de Administraci\u00f3n y Finanzas \r\n\r\n-\u00a0\u00a0\u00a0\u00a0\u00a0\u00a0\u00a0\u00a0\u00a0\u00a0\u00a0\u00a0\u00a0 Jorge Orme\u00f1o, Director adjunto de Administraci\u00f3n y Finanzas \r\n\r\n-\u00a0\u00a0\u00a0\u00a0\u00a0\u00a0\u00a0\u00a0\u00a0\u00a0\u00a0\u00a0\u00a0 Robert Ortu\u00f1o, Vicerrector \r\n\r\n-\u00a0\u00a0\u00a0\u00a0\u00a0\u00a0\u00a0\u00a0\u00a0\u00a0\u00a0\u00a0\u00a0 Nathalie Doutre, Directora de primaria Chamisero \r\n\r\n-\u00a0\u00a0\u00a0\u00a0\u00a0\u00a0\u00a0\u00a0\u00a0\u00a0\u00a0\u00a0\u00a0 Claudia Ebring, Presidenta del CPA \r\n\r\n-\u00a0\u00a0\u00a0\u00a0\u00a0\u00a0\u00a0\u00a0\u00a0\u00a0\u00a0\u00a0\u00a0 Erika G\u00f3mez, profesora de Maternelle \r\n\r\n-\u00a0\u00a0\u00a0\u00a0\u00a0\u00a0\u00a0\u00a0\u00a0\u00a0\u00a0\u00a0\u00a0 Camila Lizama, profesora de Maternelle \r\n\r\n-\u00a0\u00a0\u00a0\u00a0\u00a0\u00a0\u00a0\u00a0\u00a0\u00a0\u00a0\u00a0\u00a0 Patrice Dabadie, profesor de secundaria \r\n\r\n-\u00a0\u00a0\u00a0\u00a0\u00a0\u00a0\u00a0\u00a0\u00a0\u00a0\u00a0\u00a0\u00a0 Emmanuelle Combot, profesora de secundaria \r\n\r\n-\u00a0\u00a0\u00a0\u00a0\u00a0\u00a0\u00a0\u00a0\u00a0\u00a0\u00a0\u00a0\u00a0 Amaury Scheffter, psic\u00f3logo y orientador del colegio \r\n\r\n-\u00a0\u00a0\u00a0\u00a0\u00a0\u00a0\u00a0\u00a0\u00a0\u00a0\u00a0\u00a0\u00a0 Andrea Froimovich, Jefe de Comunicaciones \r\n\r\nNous sommes convaincus qu'il repr\u00e9sente une opportunit\u00e9 d'unir visions et efforts, dans un environnement de confiance et de respect, anim\u00e9s par la m\u00eame raison d\u2019\u00eatre et le m\u00eame sentiment d'appartenance. Bienvenue au sein du \u00ab Projet Notre Alliance 2030\".<\/pre>\n<p>[\/vc_column_text][vc_video link=\u00a0\u00bbhttps:\/\/vimeo.com\/749220388&Prime;][\/vc_column][\/vc_row]<\/p>\n<\/section>","protected":false},"excerpt":{"rendered":"<p>[vc_row][vc_column][vc_custom_heading text=\u00a0\u00bbProjet \u00ab\u00a0Notre Alliance 2030\u00ab\u00a0\u00a0\u00bb font_container=\u00a0\u00bbtag:h3|text_align:left\u00a0\u00bb use_theme_fonts=\u00a0\u00bbyes\u00a0\u00bb][vc_column_text] Depuis plus de 60 ans, notre \u00e9cole, le lyc\u00e9e de l&rsquo;Alliance Fran\u00e7aise Antoine&nbsp;<a href=\"https:\/\/lafase.cl\/fr\/establecimiento\/proyecto-nuestra-alianza-2030\/\">&hellip;<\/a><\/p>\n","protected":false},"author":3,"featured_media":0,"parent":319,"menu_order":0,"comment_status":"closed","ping_status":"closed","template":"","meta":{"om_disable_all_campaigns":false,"_monsterinsights_skip_tracking":false,"_monsterinsights_sitenote_active":false,"_monsterinsights_sitenote_note":"","_monsterinsights_sitenote_category":0},"aioseo_notices":[],"_links":{"self":[{"href":"https:\/\/lafase.cl\/fr\/wp-json\/wp\/v2\/pages\/45854"}],"collection":[{"href":"https:\/\/lafase.cl\/fr\/wp-json\/wp\/v2\/pages"}],"about":[{"href":"https:\/\/lafase.cl\/fr\/wp-json\/wp\/v2\/types\/page"}],"author":[{"embeddable":true,"href":"https:\/\/lafase.cl\/fr\/wp-json\/wp\/v2\/users\/3"}],"replies":[{"embeddable":true,"href":"https:\/\/lafase.cl\/fr\/wp-json\/wp\/v2\/comments?post=45854"}],"version-history":[{"count":5,"href":"https:\/\/lafase.cl\/fr\/wp-json\/wp\/v2\/pages\/45854\/revisions"}],"predecessor-version":[{"id":45877,"href":"https:\/\/lafase.cl\/fr\/wp-json\/wp\/v2\/pages\/45854\/revisions\/45877"}],"up":[{"embeddable":true,"href":"https:\/\/lafase.cl\/fr\/wp-json\/wp\/v2\/pages\/319"}],"wp:attachment":[{"href":"https:\/\/lafase.cl\/fr\/wp-json\/wp\/v2\/media?parent=45854"}],"curies":[{"name":"wp","href":"https:\/\/api.w.org\/{rel}","templated":true}]}}