{"id":3618,"date":"2017-02-14T08:33:21","date_gmt":"2017-02-14T11:33:21","guid":{"rendered":"http:\/\/lafase.cl\/uniformes\/"},"modified":"2026-02-19T12:14:29","modified_gmt":"2026-02-19T15:14:29","slug":"uniforme-2","status":"publish","type":"page","link":"https:\/\/lafase.cl\/fr\/uniforme-2\/","title":{"rendered":"Uniformes"},"content":{"rendered":"<section class=\"wpb-content-wrapper\"><p>[vc_row][vc_column css=\u00a0\u00bb.vc_custom_1491470918309{margin-bottom: 0px !important;}\u00a0\u00bb][vc_custom_heading text=\u00a0\u00bbUNIFORME SCOLAIRE\u00a0\u00bb font_container=\u00a0\u00bbtag:h2|font_size:25px|text_align:left\u00a0\u00bb use_theme_fonts=\u00a0\u00bbyes\u00a0\u00bb css=\u00a0\u00bb.vc_custom_1765807004166{margin-top: 0px !important;margin-bottom: 20px !important;}\u00a0\u00bb][vc_column_text]Le port de l\u2019uniforme est obligatoire pour tous les \u00e9l\u00e8ves du CP \u00e0 la 4\u00e8me, d\u00e8s le premier jour d\u2019\u00e9cole. Les \u00e9l\u00e8ves des \u00e9coles maternelles peuvent se pr\u00e9senter en tenue de ville, mais ils ne sont pas autoris\u00e9s \u00e0 porter des d\u00e9guisements, sauf si la direction de l\u2019\u00e9cole les en informe.<\/p>\n<p>Les \u00e9l\u00e8ves de 3\u00e8me \u00e0 la terminale ne sont pas tenus de porter un uniforme et peuvent assister aux cours en tenue de ville. Cependant, ils doivent avoir une tenue impeccable, soign\u00e9e et sans extravagance excessive, <b>en respectant toujours les principes de la\u00efcit\u00e9 et de neutralit\u00e9 politique et <\/b><b>id\u00e9ologique.<\/b>[\/vc_column_text][vc_message message_box_color=\u00a0\u00bbwarning\u00a0\u00bb icon_fontawesome=\u00a0\u00bbfas fa-exclamation-triangle\u00a0\u00bb]<strong>Uniforme sportif : <\/strong>En ce qui concerne l&rsquo;uniforme sportif, nous vous informons que le Conseil d\u2019\u00e9tablissement a approuv\u00e9 un nouveau mod\u00e8le d&rsquo;uniforme scolaire pour nos \u00e9l\u00e8ves,\u00a0<strong>qui sera demand\u00e9 \u00e0 partir de mars 2026.<\/strong>\u00a0La mise en \u0153uvre se fera progressivement, sur une p\u00e9riode de deux ans, afin que les familles puissent renouveler l&rsquo;uniforme sportif au fur et \u00e0 mesure que leurs enfants grandissent.\u00a0<strong>Le nouvel uniforme sportif sera obligatoire \u00e0 partir de mars 2028.<\/strong>[\/vc_message][vc_tta_accordion color=\u00a0\u00bbsky\u00a0\u00bb active_section=\u00a0\u00bb\u00a0\u00bb no_fill=\u00a0\u00bbtrue\u00a0\u00bb collapsible_all=\u00a0\u00bbtrue\u00a0\u00bb][vc_tta_section i_icon_fontawesome=\u00a0\u00bbfas fa-tshirt\u00a0\u00bb add_icon=\u00a0\u00bbtrue\u00a0\u00bb title=\u00a0\u00bb\u00c9l\u00e8ves du CP \u00e0 la 4\u00e8me\u00a0\u00bb tab_id=\u00a0\u00bb1742394452643-4c1238fd-35a3&Prime;][vc_toggle title=\u00a0\u00bbGar\u00e7ons\u00a0\u00bb]<strong>\u00c9t\u00e9:<\/strong><\/p>\n<ul>\n<li>Jean bleu marine \u00e0 coupe classique, short ou bermuda.<\/li>\n<li>Ceinture noire \u00e9ventuellement.<\/li>\n<li>Polo blanc institutionnel avec logo et inscription <strong data-start=\"140\" data-end=\"174\">Lyc\u00e9e Antoine de Saint-Exup\u00e9ry<\/strong>.<\/li>\n<li>Chaussettes blanches.<\/li>\n<li>Chaussures ou baskets noires.<\/li>\n<li style=\"list-style-type: none;\"><\/li>\n<\/ul>\n<p><a href=\"https:\/\/lafase.cl\/wp-content\/uploads\/2025\/03\/Captura-de-pantalla-2025-03-19-a-las-11.32.31.png\"><img decoding=\"async\" loading=\"lazy\" class=\"alignnone wp-image-78009 size-medium\" src=\"https:\/\/lafase.cl\/wp-content\/uploads\/2025\/03\/Captura-de-pantalla-2025-03-19-a-las-11.32.31-300x197.png\" alt=\"\" width=\"300\" height=\"197\" srcset=\"https:\/\/lafase.cl\/wp-content\/uploads\/2025\/03\/Captura-de-pantalla-2025-03-19-a-las-11.32.31-300x197.png 300w, https:\/\/lafase.cl\/wp-content\/uploads\/2025\/03\/Captura-de-pantalla-2025-03-19-a-las-11.32.31-150x99.png 150w, https:\/\/lafase.cl\/wp-content\/uploads\/2025\/03\/Captura-de-pantalla-2025-03-19-a-las-11.32.31.png 556w\" sizes=\"(max-width: 300px) 100vw, 300px\" \/><\/a><\/p>\n<p><strong>HIVER:<\/strong><\/p>\n<ul>\n<li>Polo blanc \u00e0 col avec boutons, manches longues, portant l\u2019inscription <strong data-start=\"70\" data-end=\"104\">Lyc\u00e9e Antoine de Saint-Exup\u00e9ry<\/strong>.<\/li>\n<li>Chaussettes blanches.<\/li>\n<li>Chaussures ou baskets noires.<\/li>\n<li>Pull bleu marine \u00e0 col en V.<\/li>\n<li>Polaire bleu marine avec col int\u00e9rieur rouge et insigne de l\u2019\u00e9tablissement.<\/li>\n<\/ul>\n<p><a href=\"https:\/\/lafase.cl\/wp-content\/uploads\/2025\/03\/Captura-de-pantalla-2025-03-19-a-las-11.34.39.png\"><img decoding=\"async\" loading=\"lazy\" class=\"alignnone wp-image-78011 size-medium\" src=\"https:\/\/lafase.cl\/wp-content\/uploads\/2025\/03\/Captura-de-pantalla-2025-03-19-a-las-11.34.39-300x198.png\" alt=\"\" width=\"300\" height=\"198\" srcset=\"https:\/\/lafase.cl\/wp-content\/uploads\/2025\/03\/Captura-de-pantalla-2025-03-19-a-las-11.34.39-300x198.png 300w, https:\/\/lafase.cl\/wp-content\/uploads\/2025\/03\/Captura-de-pantalla-2025-03-19-a-las-11.34.39-150x99.png 150w, https:\/\/lafase.cl\/wp-content\/uploads\/2025\/03\/Captura-de-pantalla-2025-03-19-a-las-11.34.39.png 552w\" sizes=\"(max-width: 300px) 100vw, 300px\" \/><\/a>[\/vc_toggle][vc_toggle title=\u00a0\u00bbFilles\u00a0\u00bb]<strong>\u00c9T\u00c9:<\/strong><\/p>\n<ul>\n<li>Jupe bleu marine (jupe-culotte, short ou bermuda).<\/li>\n<li>Jean bleu marine \u00e0 coupe classique, sans que les sous-v\u00eatements soient visibles.<\/li>\n<li>Polo blanc institutionnel avec logo et inscription <strong data-start=\"196\" data-end=\"230\">Lyc\u00e9e Antoine de Saint-Exup\u00e9ry<\/strong>.<\/li>\n<li>Chaussettes blanches.<\/li>\n<li>Chaussures ou baskets noires.<\/li>\n<\/ul>\n<ul>\n<li style=\"list-style-type: none;\"><\/li>\n<\/ul>\n<p><a href=\"https:\/\/lafase.cl\/wp-content\/uploads\/2025\/03\/Captura-de-pantalla-2025-03-19-a-las-11.32.31.png\"><img decoding=\"async\" loading=\"lazy\" class=\"alignnone wp-image-78009 size-medium\" src=\"https:\/\/lafase.cl\/wp-content\/uploads\/2025\/03\/Captura-de-pantalla-2025-03-19-a-las-11.32.31-300x197.png\" alt=\"\" width=\"300\" height=\"197\" srcset=\"https:\/\/lafase.cl\/wp-content\/uploads\/2025\/03\/Captura-de-pantalla-2025-03-19-a-las-11.32.31-300x197.png 300w, https:\/\/lafase.cl\/wp-content\/uploads\/2025\/03\/Captura-de-pantalla-2025-03-19-a-las-11.32.31-150x99.png 150w, https:\/\/lafase.cl\/wp-content\/uploads\/2025\/03\/Captura-de-pantalla-2025-03-19-a-las-11.32.31.png 556w\" sizes=\"(max-width: 300px) 100vw, 300px\" \/><\/a><\/p>\n<p><strong>HIVER:<\/strong><\/p>\n<ul>\n<li>Polo blanc \u00e0 col avec boutons, manches longues, portant l\u2019inscription <strong data-start=\"79\" data-end=\"113\">Lyc\u00e9e Antoine de Saint-Exup\u00e9ry<\/strong>.<\/li>\n<li>Collants bleu marine.<\/li>\n<li>Chaussures ou baskets noires.<\/li>\n<li>Pull bleu marine \u00e0 col en V.<\/li>\n<li>Polaire bleu marine avec col int\u00e9rieur rouge et insigne de l\u2019\u00e9tablissement.<\/li>\n<\/ul>\n<p><a href=\"https:\/\/lafase.cl\/wp-content\/uploads\/2025\/03\/Captura-de-pantalla-2025-03-19-a-las-11.34.39.png\"><img decoding=\"async\" loading=\"lazy\" class=\"alignnone wp-image-78011 size-medium\" src=\"https:\/\/lafase.cl\/wp-content\/uploads\/2025\/03\/Captura-de-pantalla-2025-03-19-a-las-11.34.39-300x198.png\" alt=\"\" width=\"300\" height=\"198\" srcset=\"https:\/\/lafase.cl\/wp-content\/uploads\/2025\/03\/Captura-de-pantalla-2025-03-19-a-las-11.34.39-300x198.png 300w, https:\/\/lafase.cl\/wp-content\/uploads\/2025\/03\/Captura-de-pantalla-2025-03-19-a-las-11.34.39-150x99.png 150w, https:\/\/lafase.cl\/wp-content\/uploads\/2025\/03\/Captura-de-pantalla-2025-03-19-a-las-11.34.39.png 552w\" sizes=\"(max-width: 300px) 100vw, 300px\" \/><\/a>[\/vc_toggle][\/vc_tta_section][vc_tta_section i_icon_fontawesome=\u00a0\u00bbfas fa-tshirt\u00a0\u00bb add_icon=\u00a0\u00bbtrue\u00a0\u00bb title=\u00a0\u00bb\u00c9l\u00e8ves de la 3\u00e8me \u00e0 la terminale\u00a0\u00bb tab_id=\u00a0\u00bb1742394452671-584804e1-e03b\u00a0\u00bb][vc_column_text]<\/p>\n<p data-start=\"0\" data-end=\"84\"><strong data-start=\"7\" data-end=\"84\">On entend par tenue impeccable celle qui respecte les crit\u00e8res suivants :<\/strong><\/p>\n<div class=\"TyagGW_tableContainer\">\n<div class=\"group TyagGW_tableWrapper flex w-fit flex-col-reverse\" tabindex=\"-1\">\n<table class=\"w-fit min-w-(--thread-content-width)\" data-start=\"86\" data-end=\"654\">\n<thead data-start=\"86\" data-end=\"112\">\n<tr data-start=\"86\" data-end=\"112\">\n<th data-start=\"86\" data-end=\"97\" data-col-size=\"md\"><strong data-start=\"86\" data-end=\"96\">FILLES<\/strong><\/th>\n<th data-start=\"97\" data-end=\"112\" data-col-size=\"md\"><strong data-start=\"99\" data-end=\"110\">GAR\u00c7ONS<\/strong><\/th>\n<\/tr>\n<\/thead>\n<tbody data-start=\"125\" data-end=\"654\">\n<tr data-start=\"125\" data-end=\"272\">\n<td data-start=\"125\" data-end=\"190\" data-col-size=\"md\">Polos sans d\u00e9collet\u00e9 prononc\u00e9 et couvrant enti\u00e8rement le nombril<\/td>\n<td data-col-size=\"md\" data-start=\"190\" data-end=\"272\">Tout type de polo avec manches, sans messages, couvrant enti\u00e8rement le nombril<\/td>\n<\/tr>\n<tr data-start=\"273\" data-end=\"418\">\n<td data-start=\"273\" data-end=\"345\" data-col-size=\"md\">Jupes ou shorts d\u2019au moins 15 cm sous les fesses, bermudas ou pantalons<\/td>\n<td data-col-size=\"md\" data-start=\"345\" data-end=\"418\">Pantalons de tout type couvrant les fesses, bermudas en \u00e9t\u00e9 ou shorts<\/td>\n<\/tr>\n<tr data-start=\"419\" data-end=\"492\">\n<td data-start=\"419\" data-end=\"454\" data-col-size=\"md\">Tout type de chaussures ou baskets<\/td>\n<td data-col-size=\"md\" data-start=\"454\" data-end=\"492\">Tout type de chaussures ou baskets<\/td>\n<\/tr>\n<tr data-start=\"493\" data-end=\"546\">\n<td data-start=\"493\" data-end=\"518\" data-col-size=\"md\">Tout type de chaussettes<\/td>\n<td data-col-size=\"md\" data-start=\"518\" data-end=\"546\">Tout type de chaussettes<\/td>\n<\/tr>\n<tr data-start=\"547\" data-end=\"654\">\n<td data-start=\"547\" data-end=\"599\" data-col-size=\"md\">Vestes et parkas de tout mod\u00e8le et de toute couleur<\/td>\n<td data-col-size=\"md\" data-start=\"599\" data-end=\"654\">Vestes et parkas de tout mod\u00e8le et de toute couleur<\/td>\n<\/tr>\n<\/tbody>\n<\/table>\n<\/div>\n<\/div>\n<p data-start=\"656\" data-end=\"732\">* Les v\u00eatements choisis doivent <strong data-start=\"689\" data-end=\"731\">couvrir enti\u00e8rement les sous-v\u00eatements<\/strong>.<\/p>\n<p data-start=\"734\" data-end=\"783\"><strong data-start=\"734\" data-end=\"783\">Autres aspects de la pr\u00e9sentation personnelle<\/strong><\/p>\n<ul data-start=\"785\" data-end=\"1473\" data-is-last-node=\"\" data-is-only-node=\"\">\n<li data-start=\"785\" data-end=\"932\">\n<p data-start=\"787\" data-end=\"932\">Pour tous les \u00e9l\u00e8ves, le port de boucles d\u2019oreilles ou de piercings est autoris\u00e9 ; ceux-ci doivent \u00eatre <strong data-start=\"891\" data-end=\"929\">courts afin d\u2019\u00e9viter les accidents<\/strong>.<\/p>\n<\/li>\n<li data-start=\"933\" data-end=\"1032\">\n<p data-start=\"935\" data-end=\"1032\">Les \u00e9l\u00e8ves peuvent se pr\u00e9senter avec une <strong data-start=\"976\" data-end=\"1029\">coloration de cheveux de la couleur de leur choix<\/strong>.<\/p>\n<\/li>\n<li data-start=\"1033\" data-end=\"1130\">\n<p data-start=\"1035\" data-end=\"1130\">Le port de <strong data-start=\"1046\" data-end=\"1098\">bonnets avec cornes ou de tout \u00e9l\u00e9ment d\u00e9passant<\/strong> du bonnet n\u2019est pas autoris\u00e9.<\/p>\n<\/li>\n<li data-start=\"1131\" data-end=\"1367\">\n<p data-start=\"1133\" data-end=\"1367\">Il est <strong data-start=\"1140\" data-end=\"1164\">strictement interdit<\/strong> d\u2019introduire dans l\u2019\u00e9tablissement tout type d\u2019objet <strong data-start=\"1217\" data-end=\"1240\">tranchant ou pointu<\/strong>, des <strong data-start=\"1246\" data-end=\"1260\">manopla(s)<\/strong>, des <strong data-start=\"1266\" data-end=\"1277\">cha\u00eenes<\/strong>, des <strong data-start=\"1283\" data-end=\"1296\">pistolets<\/strong> (r\u00e9els, factices, \u00e0 bruit ou jouets), ou tout autre objet similaire.<\/p>\n<\/li>\n<li data-start=\"1368\" data-end=\"1473\" data-is-last-node=\"\">\n<p data-start=\"1370\" data-end=\"1473\" data-is-last-node=\"\">L\u2019acc\u00e8s \u00e0 l\u2019\u00e9tablissement <strong data-start=\"1396\" data-end=\"1418\">n\u2019est pas autoris\u00e9<\/strong> aux \u00e9l\u00e8ves portant un <strong data-start=\"1441\" data-end=\"1451\">pyjama<\/strong> ou des <strong data-start=\"1459\" data-end=\"1472\">chaussons<\/strong>.<\/p>\n<\/li>\n<\/ul>\n<p>[\/vc_column_text][\/vc_tta_section][vc_tta_section i_icon_fontawesome=\u00a0\u00bbfas fa-running\u00a0\u00bb add_icon=\u00a0\u00bbtrue\u00a0\u00bb title=\u00a0\u00bbTenue d&rsquo;\u00e9ducation physique et sportive (EPS) &#8211; Du CP \u00e0 la terminale\u00a0\u00bb tab_id=\u00a0\u00bb1742395141036-4be87ebe-2b49&Prime;][vc_column_text]\u25cf Polo, short, sweat-shirt et pantalon de surv\u00eatement sp\u00e9cifiques du <strong data-start=\"79\" data-end=\"113\">Lyc\u00e9e Antoine de Saint-Exup\u00e9ry<\/strong> (disponibles en retail).<br data-start=\"138\" data-end=\"141\" \/>\u25cf Chaussettes blanches.<br data-start=\"164\" data-end=\"167\" \/>\u25cf Baskets de sport, de n\u2019importe quelle couleur.<br data-start=\"215\" data-end=\"218\" \/>\u25cf Casquette bleue obligatoire pour les activit\u00e9s en plein air.<br data-start=\"284\" data-end=\"287\" \/>\u25cf Gourde \/ bouteille d\u2019eau.[\/vc_column_text][vc_single_image image=\u00a0\u00bb8234&Prime; img_size=\u00a0\u00bb400&#215;250&Prime;][vc_single_image image=\u00a0\u00bb8236&Prime; img_size=\u00a0\u00bb400&#215;250&Prime;][\/vc_tta_section][vc_tta_section i_icon_fontawesome=\u00a0\u00bbfas fa-store\u00a0\u00bb add_icon=\u00a0\u00bbtrue\u00a0\u00bb title=\u00a0\u00bbFournisseurs\u00a0\u00bb tab_id=\u00a0\u00bb1742395344251-0edebb65-2ef7&Prime;][vc_row_inner][vc_column_inner][vc_custom_heading text=\u00a0\u00bbKOALA\u00a0\u00bb font_container=\u00a0\u00bbtag:h4|text_align:left\u00a0\u00bb use_theme_fonts=\u00a0\u00bbyes\u00a0\u00bb css=\u00a0\u00bb.vc_custom_1551298303612{margin-top: 0px !important;margin-bottom: 2px !important;}\u00a0\u00bb][vc_column_text css=\u00a0\u00bb.vc_custom_1765805581447{margin-bottom: 0px !important;}\u00a0\u00bb]<\/p>\n<p style=\"font-weight: 400;\">Apoquindo 5681, Loc. 065 \/ Caracol Vip&rsquo;s<br \/>\nTel: \u00a022 212 22 25 \/ Cel.: \u00a0983612609 &#8211; (Luc\u00eda Bader)<br \/>\nMail: \u00a0<a href=\"mailto:koalaconfecciones@gmail.com\" target=\"_blank\" rel=\"noopener noreferrer\">koalaconfecciones@gmail.com<\/a><br \/>\nSitio web: <a href=\"http:\/\/www.koala-confecciones.cl\">www.koala-confecciones.cl<\/a><\/p>\n<p>[\/vc_column_text][vc_separator][vc_custom_heading text=\u00a0\u00bbR&amp;D\u00a0\u00bb font_container=\u00a0\u00bbtag:h4|text_align:left\u00a0\u00bb use_theme_fonts=\u00a0\u00bbyes\u00a0\u00bb css=\u00a0\u00bb.vc_custom_1551297148938{margin-top: 0px !important;margin-bottom: 2px !important;}\u00a0\u00bb][vc_column_text]<\/p>\n<ul>\n<li>Vitacura 5480 Local 103, 2\u00ba piso, Centro comercial EVE &#8211; Tel: 22 954 03 16.<\/li>\n<li>Monse\u00f1or Edwards 1638, local 12, segundo piso, La Reina. Tel: 22 277 79 84 \/ Cel: 9 9238 4168<\/li>\n<\/ul>\n<p>Mail1: <a href=\"mailto:Esalvador.rd@gmail.com\">esalvador.rd@gmail.com<\/a><\/p>\n<p>Mail 2: <a href=\"mailto:jessica.cuevas010@gmail.com\">jessica.cuevas010@gmail.com<\/a><\/p>\n<p>[\/vc_column_text][vc_separator][vc_custom_heading text=\u00a0\u00bbSCOLARI\u00a0\u00bb font_container=\u00a0\u00bbtag:h4|text_align:left\u00a0\u00bb use_theme_fonts=\u00a0\u00bbyes\u00a0\u00bb css=\u00a0\u00bb.vc_custom_1551299302121{margin-top: 0px !important;margin-bottom: 2px !important;}\u00a0\u00bb][vc_column_text css=\u00a0\u00bb.vc_custom_1765804790463{margin-bottom: 0px !important;}\u00a0\u00bb]<\/p>\n<ul>\n<li>Balmoral N\u00b0 163, Las Condes \u2013 Tel\u00e9fono: 22 418 42 35<\/li>\n<li>AV. Chicureo 1700 Local 16, Centro Comercial Las Terrazas de Chicureo \u2013 Tel\u00e9fono: 22 244 79 71<br \/>\nMail: <a href=\"mailto:tiendavirtual@scolari.cl\">tiendavirtual@scolari.cl<\/a><br \/>\nSitio web: <a href=\"http:\/\/www.scolari.cl\">www.scolari.cl<\/a><\/li>\n<\/ul>\n<p>[\/vc_column_text][vc_separator][vc_custom_heading text=\u00a0\u00bbTONOCOLOR\u00a0\u00bb font_container=\u00a0\u00bbtag:h4|text_align:left\u00a0\u00bb use_theme_fonts=\u00a0\u00bbyes\u00a0\u00bb css=\u00a0\u00bb.vc_custom_1551299202751{margin-top: 0px !important;margin-bottom: 2px !important;}\u00a0\u00bb][vc_column_text css=\u00a0\u00bb.vc_custom_1765805864923{margin-bottom: 0px !important;}\u00a0\u00bb]<\/p>\n<p style=\"font-weight: 400;\">Avenida Chicureo s\/n, km.3, Chicureo. Al costado de la librer\u00eda Gandhi<\/p>\n<p style=\"font-weight: 400;\">Tel: 22 759 94 79<\/p>\n<p style=\"font-weight: 400;\">Mail 1: <a href=\"mailto:contacto@tonocolor.cl\">contacto@tonocolor.cl<\/a><\/p>\n<p style=\"font-weight: 400;\">Mail 2: <a href=\"mailto:dbenavente@tonocolor.cl\">dbenavente@tonocolor.cl<\/a><\/p>\n<p style=\"font-weight: 400;\">Sitio web: <a href=\"http:\/\/www.tonocolor.cl\">www.tonocolor.cl\u00a0<\/a><\/p>\n<p>[\/vc_column_text][vc_separator][vc_custom_heading text=\u00a0\u00bbTRENINO\u00a0\u00bb font_container=\u00a0\u00bbtag:h4|text_align:left\u00a0\u00bb use_theme_fonts=\u00a0\u00bbyes\u00a0\u00bb css=\u00a0\u00bb.vc_custom_1551297359425{margin-top: 0px !important;margin-bottom: 2px !important;}\u00a0\u00bb][vc_column_text]Centro Comercial OMNIUM, locales 135-136, Las Condes &#8211; Tel: 22 248 11 79<br \/>\nMail: <a href=\"mailto:cgiacaman@trenino.cl\">cgiacaman@trenino.cl<\/a><\/p>\n<p>Mail2: <a href=\"mailto:rgiacaman@trenino.cl\">rgiacaman@trenino.cl<\/a><br \/>\nSitio web: <a href=\"https:\/\/trenino.cl\/\">https:\/\/trenino.cl\/<\/a>[\/vc_column_text][\/vc_column_inner][\/vc_row_inner][\/vc_tta_section][\/vc_tta_accordion][vc_message message_box_color=\u00a0\u00bbalert-warning\u00a0\u00bb]<\/p>\n<p data-start=\"0\" data-end=\"22\"><strong data-start=\"7\" data-end=\"22\">Important :<\/strong><\/p>\n<p data-start=\"24\" data-end=\"300\">Dans les cas o\u00f9 les \u00e9l\u00e8ves ne se pr\u00e9senteraient pas <strong data-start=\"76\" data-end=\"98\">correctement v\u00eatus<\/strong>, conform\u00e9ment aux dispositions mentionn\u00e9es ci-dessus, les <strong data-start=\"157\" data-end=\"180\">responsables l\u00e9gaux<\/strong> seront inform\u00e9s via <strong data-start=\"201\" data-end=\"212\">Pronote<\/strong>, afin que l\u2019\u00e9l\u00e8ve se pr\u00e9sente <strong data-start=\"243\" data-end=\"275\">le jour m\u00eame ou le lendemain<\/strong>avec une tenue ad\u00e9quate.<\/p>\n<p data-start=\"302\" data-end=\"1113\">L\u2019\u00e9tablissement se r\u00e9serve le droit de <strong data-start=\"341\" data-end=\"370\">refuser l\u2019acc\u00e8s aux cours<\/strong> \u00e0 un \u00e9l\u00e8ve qui se pr\u00e9senterait <strong data-start=\"402\" data-end=\"424\">de mani\u00e8re r\u00e9p\u00e9t\u00e9e<\/strong> avec une tenue non autoris\u00e9e. Le lyc\u00e9e mettra alors \u00e0 disposition un <strong data-start=\"494\" data-end=\"514\">espace appropri\u00e9<\/strong> \u00e0 son retour, dans le cas o\u00f9 <strong data-start=\"544\" data-end=\"564\">aucun changement<\/strong> ne serait constat\u00e9 dans sa pr\u00e9sentation.<br data-start=\"605\" data-end=\"608\" \/>Dans ces situations, l\u2019\u00e9tablissement <strong data-start=\"645\" data-end=\"697\">contactera les responsables l\u00e9gaux par t\u00e9l\u00e9phone<\/strong> et laissera \u00e9galement une <strong data-start=\"724\" data-end=\"753\">trace \u00e9crite par courriel<\/strong>, afin qu\u2019ils viennent <strong data-start=\"776\" data-end=\"801\">r\u00e9cup\u00e9rer leur enfant<\/strong>.<br data-start=\"802\" data-end=\"805\" \/>Si, malgr\u00e9 ces informations, <strong data-start=\"834\" data-end=\"857\">aucune am\u00e9lioration<\/strong> n\u2019est observ\u00e9e dans la tenue de l\u2019\u00e9l\u00e8ve, l\u2019\u00e9tablissement pourra <strong data-start=\"922\" data-end=\"969\">demander un changement de responsable l\u00e9gal<\/strong> en raison des manquements r\u00e9p\u00e9t\u00e9s au r\u00e8glement int\u00e9rieur, ainsi que <strong data-start=\"1038\" data-end=\"1061\">sanctionner l\u2019\u00e9l\u00e8ve<\/strong> conform\u00e9ment aux dispositions du pr\u00e9sent r\u00e8glement.<\/p>\n<p data-start=\"1115\" data-end=\"1462\" data-is-last-node=\"\" data-is-only-node=\"\">Nous informons que <strong data-start=\"1134\" data-end=\"1187\">toutes les tenues scolaires doivent \u00eatre marqu\u00e9es<\/strong> afin de permettre leur identification et leur restitution aux \u00e9l\u00e8ves les ayant \u00e9gar\u00e9es. En l\u2019absence de marquage, les v\u00eatements seront <strong data-start=\"1323\" data-end=\"1353\">conserv\u00e9s pendant 15 jours<\/strong> ; pass\u00e9 ce d\u00e9lai, l\u2019\u00e9tablissement se chargera de les laver et de les donner \u00e0 une \u0153uvre de bienfaisance.<\/p>\n<p>[\/vc_message][\/vc_column][\/vc_row]<\/p>\n<\/section>","protected":false},"excerpt":{"rendered":"<p>[vc_row][vc_column css=\u00a0\u00bb.vc_custom_1491470918309{margin-bottom: 0px !important;}\u00a0\u00bb][vc_custom_heading text=\u00a0\u00bbUNIFORME SCOLAIRE\u00a0\u00bb font_container=\u00a0\u00bbtag:h2|font_size:25px|text_align:left\u00a0\u00bb use_theme_fonts=\u00a0\u00bbyes\u00a0\u00bb css=\u00a0\u00bb.vc_custom_1765807004166{margin-top: 0px !important;margin-bottom: 20px !important;}\u00a0\u00bb][vc_column_text]Le port de l\u2019uniforme est obligatoire pour tous&nbsp;<a href=\"https:\/\/lafase.cl\/fr\/uniforme-2\/\">&hellip;<\/a><\/p>\n","protected":false},"author":3,"featured_media":0,"parent":0,"menu_order":5,"comment_status":"closed","ping_status":"closed","template":"","meta":{"om_disable_all_campaigns":false,"_monsterinsights_skip_tracking":false,"_monsterinsights_sitenote_active":false,"_monsterinsights_sitenote_note":"","_monsterinsights_sitenote_category":0},"aioseo_notices":[],"_links":{"self":[{"href":"https:\/\/lafase.cl\/fr\/wp-json\/wp\/v2\/pages\/3618"}],"collection":[{"href":"https:\/\/lafase.cl\/fr\/wp-json\/wp\/v2\/pages"}],"about":[{"href":"https:\/\/lafase.cl\/fr\/wp-json\/wp\/v2\/types\/page"}],"author":[{"embeddable":true,"href":"https:\/\/lafase.cl\/fr\/wp-json\/wp\/v2\/users\/3"}],"replies":[{"embeddable":true,"href":"https:\/\/lafase.cl\/fr\/wp-json\/wp\/v2\/comments?post=3618"}],"version-history":[{"count":41,"href":"https:\/\/lafase.cl\/fr\/wp-json\/wp\/v2\/pages\/3618\/revisions"}],"predecessor-version":[{"id":88330,"href":"https:\/\/lafase.cl\/fr\/wp-json\/wp\/v2\/pages\/3618\/revisions\/88330"}],"wp:attachment":[{"href":"https:\/\/lafase.cl\/fr\/wp-json\/wp\/v2\/media?parent=3618"}],"curies":[{"name":"wp","href":"https:\/\/api.w.org\/{rel}","templated":true}]}}