{"id":2153,"date":"2019-01-05T00:38:43","date_gmt":"2019-01-05T03:38:43","guid":{"rendered":"http:\/\/lafase.cl\/admision\/"},"modified":"2026-03-26T11:22:46","modified_gmt":"2026-03-26T14:22:46","slug":"admision","status":"publish","type":"page","link":"https:\/\/lafase.cl\/fr\/admision\/","title":{"rendered":"Admissions"},"content":{"rendered":"<section class=\"wpb-content-wrapper\"><p>[vc_row][vc_column][vc_single_image image=\u00a0\u00bb51462&Prime; img_size=\u00a0\u00bbfull\u00a0\u00bb][vc_custom_heading text=\u00a0\u00bbREJOIGNEZ L&rsquo;ALLIANCE FRAN\u00c7AISE DE SANTIAGO\u00a0\u00bb use_theme_fonts=\u00a0\u00bbyes\u00a0\u00bb][vc_custom_heading text=\u00a0\u00bbSoyez les bienvenu(e)s dans notre processus d&rsquo;admission !\u00a0\u00bb font_container=\u00a0\u00bbtag:h3|text_align:left\u00a0\u00bb use_theme_fonts=\u00a0\u00bbyes\u00a0\u00bb][vc_tta_accordion style=\u00a0\u00bboutline\u00a0\u00bb color=\u00a0\u00bbblack\u00a0\u00bb active_section=\u00a0\u00bb\u00a0\u00bb no_fill=\u00a0\u00bbtrue\u00a0\u00bb collapsible_all=\u00a0\u00bbtrue\u00a0\u00bb][vc_tta_section title=\u00a0\u00bbPostuler\u00a0\u00bb tab_id=\u00a0\u00bb1754404043805-0ff02541-33e1&Prime;][vc_btn title=\u00a0\u00bbPOSTULER ICI\u00a0\u00bb color=\u00a0\u00bbdanger\u00a0\u00bb align=\u00a0\u00bbleft\u00a0\u00bb i_icon_fontawesome=\u00a0\u00bbfa fa-hand-o-up\u00a0\u00bb add_icon=\u00a0\u00bbtrue\u00a0\u00bb link=\u00a0\u00bburl:https%3A%2F%2Falianzafrancesa.postulaciones.colegium.com|||\u00a0\u00bb][vc_btn title=\u00a0\u00bbT\u00c9L\u00c9CHARGER LA FICHE FINANCI\u00c8RE\u00a0\u00bb color=\u00a0\u00bbprimary\u00a0\u00bb align=\u00a0\u00bbleft\u00a0\u00bb i_icon_fontawesome=\u00a0\u00bb\u00a0\u00bb add_icon=\u00a0\u00bbtrue\u00a0\u00bb link=\u00a0\u00bburl:https%3A%2F%2Flafase.cl%2Fwp-content%2Fuploads%2F2025%2F09%2FFICHE-FINANCIERE-2027-FR-1.doc\u00a0\u00bb][\/vc_tta_section][vc_tta_section title=\u00a0\u00bbContactez-nous\u00a0\u00bb tab_id=\u00a0\u00bb1754404043824-bed2ce0c-8efa\u00a0\u00bb]\t\t<div class=\"scp-teachers \">\n\t\t\t\t\t\t<div class=\"teacher one whole \">\n\t\t\t\t<div class=\"inner-wrap\">\n\t\t\t\t\t<div class=\"thumbnail\">\n\t\t\t\t\t\t<a href=\"https:\/\/lafase.cl\/fr\/teachers\/mme-torres-paulina\/\" title=\"Paulina Torres\"><img width=\"150\" height=\"150\" src=\"https:\/\/lafase.cl\/wp-content\/uploads\/2018\/12\/WhatsApp-Image-2023-02-15-at-14.50.38-150x150.jpeg\" class=\"attachment-thumbnail size-thumbnail wp-post-image\" alt=\"\" loading=\"lazy\" \/><\/a>\t\t\t\t\t<\/div>\n\t\t\t\t\t<div class=\"item\">\n\t\t\t\t\t\t<h5 class=\"entry-title\"><a\n\t\t\t\t\t\t\t\thref=\"https:\/\/lafase.cl\/fr\/teachers\/mme-torres-paulina\/\">Paulina Torres<\/a>\n\t\t\t\t\t\t<\/h5>\n\t\t\t\t\t\t\t\t\t\t\t\t\t\t\t\t\t\t\t<h6 class=\"job-title\">Responsable Admissions<\/h6>\n\t\t\t\t\t\t\t\t\t\t\t\t\t\t\t\t\t\t\t\t\t\t\t\t\t<div class=\"summary\"><p>Tel : (56 2) 2 827 8352<\/p>\n<p>Cel : +56 9 98409892<\/p>\n<p><a href=\"mailto:paulina.torres@lafase.cl\">paulina.torres@lafase.cl<\/a><\/p>\n<\/div>\n\t\t\t\t\t\t\n\t\t\t\t\t\t\t\t\t\t\t\t\t\t\t\t\t<\/div>\n\t\t\t\t<\/div>\n\t\t\t<\/div>\n\t\t\t\t\t<\/div>\n\t\t[vc_icon icon_fontawesome=\u00a0\u00bbfa fa-whatsapp\u00a0\u00bb color=\u00a0\u00bbvista_blue\u00a0\u00bb size=\u00a0\u00bbxl\u00a0\u00bb link=\u00a0\u00bburl:https%3A%2F%2Fwa.link%2F20in7p||target:%20_blank|\u00a0\u00bb]\n<div class=\"wpcf7 no-js\" id=\"wpcf7-f43986-o1\" lang=\"es-CL\" dir=\"ltr\">\n<div class=\"screen-reader-response\"><p role=\"status\" aria-live=\"polite\" aria-atomic=\"true\"><\/p> <ul><\/ul><\/div>\n<form action=\"\/fr\/wp-json\/wp\/v2\/pages\/2153#wpcf7-f43986-o1\" method=\"post\" class=\"wpcf7-form init\" aria-label=\"Contact form\" novalidate=\"novalidate\" data-status=\"init\">\n<div style=\"display: none;\">\n<input type=\"hidden\" name=\"_wpcf7\" value=\"43986\" \/>\n<input type=\"hidden\" name=\"_wpcf7_version\" value=\"5.7.5.1\" \/>\n<input type=\"hidden\" name=\"_wpcf7_locale\" value=\"es_CL\" \/>\n<input type=\"hidden\" name=\"_wpcf7_unit_tag\" value=\"wpcf7-f43986-o1\" \/>\n<input type=\"hidden\" name=\"_wpcf7_container_post\" value=\"0\" \/>\n<input type=\"hidden\" name=\"_wpcf7_posted_data_hash\" value=\"\" \/>\n<\/div>\n<p><label> Tu Nombre (requerido)<br \/>\n<span class=\"wpcf7-form-control-wrap\" data-name=\"your-name\"><input size=\"40\" class=\"wpcf7-form-control wpcf7-text wpcf7-validates-as-required\" aria-required=\"true\" aria-invalid=\"false\" value=\"\" type=\"text\" name=\"your-name\" \/><\/span> <\/label>\n<\/p>\n<p><label> Tu Correo (requerido)<br \/>\n<span class=\"wpcf7-form-control-wrap\" data-name=\"your-email\"><input size=\"40\" class=\"wpcf7-form-control wpcf7-text wpcf7-email wpcf7-validates-as-required wpcf7-validates-as-email\" aria-required=\"true\" aria-invalid=\"false\" value=\"\" type=\"email\" name=\"your-email\" \/><\/span> <\/label>\n<\/p>\n<p><label> Asunto<br \/>\n<span class=\"wpcf7-form-control-wrap\" data-name=\"your-subject\"><input size=\"40\" class=\"wpcf7-form-control wpcf7-text\" aria-invalid=\"false\" value=\"\" type=\"text\" name=\"your-subject\" \/><\/span> <\/label>\n<\/p>\n<p><label> Tu Mensaje<br \/>\n<span class=\"wpcf7-form-control-wrap\" data-name=\"your-message\"><textarea cols=\"40\" rows=\"10\" class=\"wpcf7-form-control wpcf7-textarea\" aria-invalid=\"false\" name=\"your-message\"><\/textarea><\/span> <\/label>\n<\/p>\n<p><input class=\"wpcf7-form-control has-spinner wpcf7-submit\" type=\"submit\" value=\"Enviar\" \/>\n<\/p><div class=\"wpcf7-response-output\" aria-hidden=\"true\"><\/div>\n<\/form>\n<\/div>\n[\/vc_tta_section][\/vc_tta_accordion][\/vc_column][\/vc_row][vc_row][vc_column][vc_column_text]<\/p>\n<p style=\"font-weight: 400; text-align: justify;\"><strong>Vous trouverez ici toutes les informations n\u00e9cessaires pour l&rsquo;inscription de votre enfant au sein de l&rsquo;Alliance Fran\u00e7aise de Santiago, sur les deux sites, Vitacura et Chamisero.<\/strong><\/p>\n<p>[\/vc_column_text][vc_custom_heading text=\u00a0\u00bbPourquoi nous choisir ?\u00a0\u00bb font_container=\u00a0\u00bbtag:h2|font_size:20px|text_align:left\u00a0\u00bb google_fonts=\u00a0\u00bbfont_family:Abel%3Aregular|font_style:400%20regular%3A400%3Anormal\u00a0\u00bb][vc_custom_heading text=\u00a0\u00bbNous sommes une \u00e9cole internationale, qui forme des citoyens ouverts sur le monde, influents, avec un esprit critique et engag\u00e9s avec son environnement.\u00a0\u00bb font_container=\u00a0\u00bbtag:h2|font_size:18px|text_align:left\u00a0\u00bb google_fonts=\u00a0\u00bbfont_family:Abel%3Aregular|font_style:400%20regular%3A400%3Anormal\u00a0\u00bb][vc_column_text]<\/p>\n<ol>\n<li style=\"text-align: justify;\"><strong>Un lyc\u00e9e international <\/strong><\/li>\n<\/ol>\n<p style=\"font-weight: 400; text-align: justify;\">Nos \u00e9l\u00e8ves ont la possibilit\u00e9 de passer le baccalaur\u00e9at fran\u00e7ais, en plus de l&rsquo;examen d&rsquo;entr\u00e9e \u00e0 l&rsquo;universit\u00e9 chilienne, ce qui leur permet de choisir de poursuivre leurs \u00e9tudes sup\u00e9rieures au Chili, en France ou \u00e0 l&rsquo;\u00e9tranger.<\/p>\n<ol style=\"text-align: justify;\" start=\"2\">\n<li><strong>Enseignement en 3 langues<\/strong><\/li>\n<\/ol>\n<p style=\"font-weight: 400; text-align: justify;\">Nous sommes une \u00e9cole bilingue fran\u00e7aise, qui int\u00e8gre \u00e9galement l&rsquo;enseignement de l&rsquo;anglais, de la maternelle \u00e0 la Terminale. Nous aurons bient\u00f4t une double certification internationale en fran\u00e7ais et en anglais.<\/p>\n<ol style=\"text-align: justify;\" start=\"3\">\n<li><strong>\u00c9quilibre entre les exigences acad\u00e9miques et l&rsquo;\u00e9quilibre \u00e9motionnel<\/strong><\/li>\n<\/ol>\n<p style=\"font-weight: 400; text-align: justify;\">Le mod\u00e8le \u00e9ducatif fran\u00e7ais repose \u00e0 la fois sur l&rsquo;exigence acad\u00e9mique et sur le souci de l&rsquo;\u00e9panouissement et du bien-\u00eatre de nos \u00e9l\u00e8ves. Accueillis d\u00e8s leur plus jeune \u00e2ge par des \u00e9quipes form\u00e9es \u00e0 une approche interculturelle, les enfants suivent un parcours \u00e9ducatif qui assure l&rsquo;\u00e9l\u00e9vation de leurs talents au plus haut niveau, tout en accompagnant \u00e9troitement chaque \u00e9l\u00e8ve en fonction de ses besoins.<\/p>\n<ol style=\"text-align: justify;\" start=\"4\">\n<li><strong>L&rsquo;appartenance au r\u00e9seau d\u2019enseignement fran\u00e7ais \u00e0 l\u2019\u00e9tranger (AEFE)<\/strong><\/li>\n<\/ol>\n<p style=\"font-weight: 400; text-align: justify;\">Nous faisons partie d&rsquo;un r\u00e9seau de 566 \u00e9tablissements scolaires, implant\u00e9s dans 138 pays, qui scolarisent pr\u00e8s de 390 000 \u00e9l\u00e8ves dont 40 % sont fran\u00e7ais et 60 % d&rsquo;autres nationalit\u00e9s. Forts de notre appartenance \u00e0 un r\u00e9seau international dynamique, attractif et ouvert, nous offront une formation particuli\u00e8rement enrichissante, qui combine le meilleur de la culture chilienne et fran\u00e7aise, et partage des valeurs humanistes\u00a0: tol\u00e9rance, libert\u00e9 de pens\u00e9e, \u00e9galit\u00e9 des chances, curiosit\u00e9 intellectuelle, esprit critique, \u00e9galit\u00e9 filles-gar\u00e7ons&#8230;<\/p>\n<p>[\/vc_column_text][vc_custom_heading text=\u00a0\u00bbDates\u00a0\u00bb font_container=\u00a0\u00bbtag:h2|font_size:20px|text_align:left\u00a0\u00bb google_fonts=\u00a0\u00bbfont_family:Abel%3Aregular|font_style:400%20regular%3A400%3Anormal\u00a0\u00bb][vc_column_text]<\/p>\n<p style=\"font-weight: 400;\">L&rsquo;inscription est ouverte \u00e0 tous les enfants de la maternelle, n\u00e9s aux dates suivantes (d\u00e9cret n\u00b0 1126 du minist\u00e8re chilien de l&rsquo;\u00e9ducation) :<\/p>\n<p style=\"font-weight: 400;\">Petite Section : entre le 1 avril 2023 et le 31 mars 2024.<\/p>\n<p style=\"font-weight: 400;\">Moyenne Section : entre le 1 avril 2022 et le 31 mars 2023.<\/p>\n<p style=\"font-weight: 400;\">Grande Section : entre le 1 avril 2021 et le 31 mars 2022.<\/p>\n<p>[\/vc_column_text][vc_custom_heading text=\u00a0\u00bb\u00c9tapes du processus\u00a0\u00bb font_container=\u00a0\u00bbtag:h2|font_size:20px|text_align:left\u00a0\u00bb google_fonts=\u00a0\u00bbfont_family:Abel%3Aregular|font_style:400%20regular%3A400%3Anormal\u00a0\u00bb][vc_column_text]<\/p>\n<p style=\"font-weight: 400; text-align: justify;\"><strong>\u00c9tape 1 :<\/strong> Postulez en ligne \u00e0 l&rsquo;adresse suivante : https:\/\/alianzafrancesa.postulaciones.colegium.com.<\/p>\n<p style=\"font-weight: 400; text-align: justify;\">(suivre les instructions pour l&rsquo;inscription en ligne)<\/p>\n<p style=\"font-weight: 400; text-align: justify;\">Pour postuler, vous aurez besoin des documents suivants :<\/p>\n<p style=\"font-weight: 400; text-align: justify;\">&#8211; Acte de naissance chilien, acte de naissance fran\u00e7ais ou acte de naissance \u00e9tranger.<\/p>\n<p style=\"font-weight: 400; text-align: justify;\">&#8211; Certificat m\u00e9dical (attestant que l&rsquo;\u00e9l\u00e8ve est apte \u00e0 rejoindre le syst\u00e8me scolaire).<\/p>\n<p style=\"font-weight: 400; text-align: justify;\">&#8211; Formulaire financier sign\u00e9 (<a href=\"https:\/\/lafase.cl\/wp-content\/uploads\/2025\/09\/FICHE-FINANCIERE-2027-FR-1.doc\"><strong>\u00e0 t\u00e9l\u00e9charger ici<\/strong><\/a>).<\/p>\n<p style=\"font-weight: 400; text-align: justify;\">Un droit d&rsquo;entr\u00e9e doit \u00eatre pay\u00e9 sur <strong><a href=\"http:\/\/www.webpay.cl\/\">www.webpay.cl<\/a><\/strong> \u00a0en indiquant l&rsquo;Alliance Fran\u00e7aise de Santiago (2UF pour les nouvelles familles et 0,5UF pour les anciennes familles) et t\u00e9l\u00e9charger le justificatif de paiement.<\/p>\n<p style=\"font-weight: 400; text-align: justify;\"><strong>\u00c9tape 2 :<\/strong> Entretien avec les familles<\/p>\n<p style=\"font-weight: 400; text-align: justify;\">Une fois la demande de la famille re\u00e7ue, le responsable des admissions contactera les parents pour organiser un entretien personnel.<\/p>\n<p style=\"font-weight: 400; text-align: justify;\">Si vous le souhaitez, des visites guid\u00e9es peuvent \u00eatre organis\u00e9es \u00e0 partir du mois de mars.<\/p>\n<p style=\"font-weight: 400; text-align: justify;\"><strong>\u00c9tape 3 :<\/strong> R\u00e9ponse \u00e0 la demande<\/p>\n<p style=\"font-weight: 400; text-align: justify;\">Le r\u00e9sultat sera communiqu\u00e9 par t\u00e9l\u00e9phone ou par e-mail.<\/p>\n<p style=\"font-weight: 400; text-align: justify;\"><strong>\u00c9tape 4 :<\/strong> Inscription<\/p>\n<p style=\"font-weight: 400; text-align: justify;\">Une fois l&rsquo;admission de l&rsquo;\u00e9l\u00e8ve confirm\u00e9e, la famille doit payer les frais d&rsquo;inscription, confirmant ainsi son admission \u00e0 l&rsquo;\u00e9cole. Le parent dispose d&rsquo;un d\u00e9lai maximum de deux semaines pour envoyer le formulaire.<\/p>\n<p>[\/vc_column_text][vc_custom_heading text=\u00a0\u00bbPolitique d&rsquo;admission\u00a0\u00bb font_container=\u00a0\u00bbtag:h2|font_size:20px|text_align:left\u00a0\u00bb google_fonts=\u00a0\u00bbfont_family:Abel%3Aregular|font_style:400%20regular%3A400%3Anormal\u00a0\u00bb][vc_column_text]<\/p>\n<p style=\"font-weight: 400;\">Nous acceptons les \u00e9l\u00e8ves quelle que soit leur nationalit\u00e9, langue, statut \u00e9conomique ou religion. L&rsquo;inscription \u00e0 notre \u00e9cole est ouverte \u00e0 tous les candidats int\u00e9ress\u00e9s.<\/p>\n<p style=\"font-weight: 400;\">Le comit\u00e9 d&rsquo;admission examine les demandes et les classe par ordre de priorit\u00e9 en fonction des crit\u00e8res suivants :<\/p>\n<ul>\n<li style=\"font-weight: 400;\">Fr\u00e8res et s\u0153urs des \u00e9l\u00e8ves d\u00e9j\u00e0 scolaris\u00e9s dans notre \u00e9cole et enfants du personnel.<\/li>\n<li style=\"font-weight: 400;\">Familles adh\u00e9rant au projet \u00e9ducatif de l&rsquo;\u00e9cole.<\/li>\n<li style=\"font-weight: 400;\">Enfants d&rsquo;anciens \u00e9l\u00e8ves de l&rsquo;\u00e9cole.<\/li>\n<li style=\"font-weight: 400;\">Les enfants dont les familles ont un lien avec la culture fran\u00e7aise.<\/li>\n<li style=\"font-weight: 400;\">Les enfants scolaris\u00e9s dans le r\u00e9seau de l&rsquo;AEFE.<\/li>\n<li style=\"font-weight: 400;\">Entretien avec les familles.<\/li>\n<\/ul>\n<p style=\"font-weight: 400;\">\u00c9tant donn\u00e9 que nous avons deux sites, il est demand\u00e9 aux familles d&rsquo;indiquer leur site pr\u00e9f\u00e9r\u00e9 au moment de la candidature. La priorit\u00e9 sera donn\u00e9e au premier choix de la famille s&rsquo;il y a des places disponibles. Sinon, la place sera attribu\u00e9e au site qui offre des places vacantes. Les familles recevront une r\u00e9ponse concernant le site assign\u00e9 avant l&rsquo;inscription d\u00e9finitive.<\/p>\n<p style=\"font-weight: 400;\">L&rsquo;\u00e9cole a une capacit\u00e9 limit\u00e9e et peut \u00eatre contrainte de refuser des inscriptions.<\/p>\n<p>[\/vc_column_text][vc_row_inner][vc_column_inner width=\u00a0\u00bb1\/2&Prime;][vc_column_text]<\/p>\n<p style=\"font-weight: 400;\"><strong>Places disponibles par site (admission 2027)<\/strong><\/p>\n<p>[\/vc_column_text][vc_single_image image=\u00a0\u00bb88784&Prime; img_size=\u00a0\u00bbfull\u00a0\u00bb][\/vc_column_inner][vc_column_inner width=\u00a0\u00bb1\/2&Prime;][\/vc_column_inner][\/vc_row_inner][vc_row_inner][vc_column_inner][vc_column_text]<b>Tarifs<\/b>[\/vc_column_text][vc_single_image image=\u00a0\u00bb68994&Prime; img_size=\u00a0\u00bbfull\u00a0\u00bb][\/vc_column_inner][\/vc_row_inner][vc_video link=\u00a0\u00bbhttps:\/\/vimeo.com\/813689822?fl=ls&amp;fe=ec\u00a0\u00bb][\/vc_column][\/vc_row]<\/p>\n<\/section>","protected":false},"excerpt":{"rendered":"<p>[vc_row][vc_column][vc_single_image image=\u00a0\u00bb51462&Prime; img_size=\u00a0\u00bbfull\u00a0\u00bb][vc_custom_heading text=\u00a0\u00bbREJOIGNEZ L&rsquo;ALLIANCE FRAN\u00c7AISE DE SANTIAGO\u00a0\u00bb use_theme_fonts=\u00a0\u00bbyes\u00a0\u00bb][vc_custom_heading text=\u00a0\u00bbSoyez les bienvenu(e)s dans notre processus d&rsquo;admission !\u00a0\u00bb font_container=\u00a0\u00bbtag:h3|text_align:left\u00a0\u00bb use_theme_fonts=\u00a0\u00bbyes\u00a0\u00bb][vc_tta_accordion style=\u00a0\u00bboutline\u00a0\u00bb&nbsp;<a href=\"https:\/\/lafase.cl\/fr\/admision\/\">&hellip;<\/a><\/p>\n","protected":false},"author":1,"featured_media":41367,"parent":0,"menu_order":0,"comment_status":"closed","ping_status":"closed","template":"template-fullwidth.php","meta":{"om_disable_all_campaigns":false,"_monsterinsights_skip_tracking":false,"_monsterinsights_sitenote_active":false,"_monsterinsights_sitenote_note":"","_monsterinsights_sitenote_category":0},"aioseo_notices":[],"_links":{"self":[{"href":"https:\/\/lafase.cl\/fr\/wp-json\/wp\/v2\/pages\/2153"}],"collection":[{"href":"https:\/\/lafase.cl\/fr\/wp-json\/wp\/v2\/pages"}],"about":[{"href":"https:\/\/lafase.cl\/fr\/wp-json\/wp\/v2\/types\/page"}],"author":[{"embeddable":true,"href":"https:\/\/lafase.cl\/fr\/wp-json\/wp\/v2\/users\/1"}],"replies":[{"embeddable":true,"href":"https:\/\/lafase.cl\/fr\/wp-json\/wp\/v2\/comments?post=2153"}],"version-history":[{"count":63,"href":"https:\/\/lafase.cl\/fr\/wp-json\/wp\/v2\/pages\/2153\/revisions"}],"predecessor-version":[{"id":83904,"href":"https:\/\/lafase.cl\/fr\/wp-json\/wp\/v2\/pages\/2153\/revisions\/83904"}],"wp:featuredmedia":[{"embeddable":true,"href":"https:\/\/lafase.cl\/fr\/wp-json\/wp\/v2\/media\/41367"}],"wp:attachment":[{"href":"https:\/\/lafase.cl\/fr\/wp-json\/wp\/v2\/media?parent=2153"}],"curies":[{"name":"wp","href":"https:\/\/api.w.org\/{rel}","templated":true}]}}