{"id":1978,"date":"2019-01-04T17:41:05","date_gmt":"2019-01-04T20:41:05","guid":{"rendered":"http:\/\/lafase.cl\/actividades-extraprogramaticas\/"},"modified":"2026-02-25T16:14:56","modified_gmt":"2026-02-25T19:14:56","slug":"activites-peri-educatives-ape","status":"publish","type":"page","link":"https:\/\/lafase.cl\/fr\/vie-a-lecole\/activites-peri-educatives-ape\/","title":{"rendered":"Activit\u00e9s p\u00e9ri-\u00e9ducatives (APE)"},"content":{"rendered":"<section class=\"wpb-content-wrapper\"><p>[vc_row][vc_column][vc_custom_heading text=\u00a0\u00bbActivit\u00e9s p\u00e9ri-\u00e9ducatives (APE)\u00a0\u00bb use_theme_fonts=\u00a0\u00bbyes\u00a0\u00bb][vc_column_text]<\/p>\n<p style=\"text-align: justify;\">Les activit\u00e9s propos\u00e9es par notre \u00e9tablissement dans le cadre des activit\u00e9s p\u00e9ri-\u00e9ducatives associent tous les \u00e9l\u00e8ves de l&rsquo;Elementaire et du Secondaire dont les parents ont fait le choix de les inscrire en d\u00e9but d&rsquo;ann\u00e9e. L&rsquo;organisation de ces activit\u00e9s est plac\u00e9e sous le signe des valeurs que notre syst\u00e8me \u00e9ducatif v\u00e9hicule.<\/p>\n<p>[\/vc_column_text][vc_video link=\u00a0\u00bbhttps:\/\/www.youtube.com\/watch?v=nlfWjODwdQw\u00a0\u00bb][vc_column_text]<\/p>\n<p style=\"text-align: justify;\">A travers une trentaine d&rsquo;activit\u00e9s diff\u00e9rentes, nous proposons \u00e0 nos \u00e9l\u00e8ves de participer \u00e0 des ateliers qui contribuent \u00e0 leur d\u00e9veloppement et \u00e0 leur \u00e9panouissement. Ces s\u00e9ances ludiques et \u00e9ducatives sont un compl\u00e9ment pr\u00e9cieux \u00e0 la classe et aux activit\u00e9s r\u00e9alis\u00e9es dans le cadre de la progression p\u00e9dagogique. Tous les th\u00e8mes abord\u00e9s, qu&rsquo;ils soient exp\u00e9rimentaux, sportifs ou artistiques permettent de compl\u00e9ter la construction de savoirs.<\/p>\n<p>[\/vc_column_text][vc_custom_heading text=\u00a0\u00bbL&rsquo;organisation du temps libre constitue un enjeu essentiel pour enrichir la vie de l&rsquo;enfant. En lui offrant un champ d&rsquo;exp\u00e9rimentation, vous stimulez son d\u00e9veloppement.\u00a0\u00bb font_container=\u00a0\u00bbtag:h3|font_size:18%20px|text_align:left\u00a0\u00bb use_theme_fonts=\u00a0\u00bbyes\u00a0\u00bb][\/vc_column][\/vc_row][vc_row][vc_column][vc_tta_accordion title_tag=\u00a0\u00bbh3&Prime; style=\u00a0\u00bboutline\u00a0\u00bb color=\u00a0\u00bbsky\u00a0\u00bb active_section=\u00a0\u00bb\u00a0\u00bb no_fill=\u00a0\u00bbtrue\u00a0\u00bb collapsible_all=\u00a0\u00bbtrue\u00a0\u00bb title=\u00a0\u00bbProgramme par site\u00a0\u00bb][vc_tta_section i_icon_fontawesome=\u00a0\u00bbfas fa-futbol\u00a0\u00bb add_icon=\u00a0\u00bbtrue\u00a0\u00bb title=\u00a0\u00bbAPE Vitacura\u00a0\u00bb tab_id=\u00a0\u00bb1742386215048-d1f1ecb3-3b4f\u00a0\u00bb][vc_btn title=\u00a0\u00bbProgramme maternelle Vitacura\u00a0\u00bb color=\u00a0\u00bbsky\u00a0\u00bb align=\u00a0\u00bbleft\u00a0\u00bb link=\u00a0\u00bburl:https%3A%2F%2Flafase.cl%2Fwp-content%2Fuploads%2F2026%2F02%2FPrograma-APE-2026-Vitacura-Maternelle.pdf\u00a0\u00bb][vc_btn title=\u00a0\u00bbProgramme \u00e9l\u00e9mentaire Vitacura\u00a0\u00bb color=\u00a0\u00bbsky\u00a0\u00bb align=\u00a0\u00bbleft\u00a0\u00bb link=\u00a0\u00bburl:https%3A%2F%2Flafase.cl%2Fwp-content%2Fuploads%2F2026%2F02%2FPrograma-APE-2026-Vitacura-Ba%CC%81sica.pdf\u00a0\u00bb][vc_btn title=\u00a0\u00bbProgramme secondaire Vitacura\u00a0\u00bb color=\u00a0\u00bbsky\u00a0\u00bb align=\u00a0\u00bbleft\u00a0\u00bb link=\u00a0\u00bburl:https%3A%2F%2Flafase.cl%2Fwp-content%2Fuploads%2F2026%2F02%2FPrograma-APE-2026-Vitacura-Secundaria.pdf\u00a0\u00bb][vc_btn title=\u00a0\u00bbR\u00e8glement APE\u00a0\u00bb color=\u00a0\u00bbdanger\u00a0\u00bb align=\u00a0\u00bbleft\u00a0\u00bb link=\u00a0\u00bburl:https%3A%2F%2Flafase.cl%2Fwp-content%2Fuploads%2F2026%2F02%2FREGLAMENTO-ACTIVIDADES-EXTRA-PROGRAMA%CC%81TICAS.pdf\u00a0\u00bb][vc_column_text]Contact : <a href=\"mailto:ape.vitacura@lafase.cl\">ape.vitacura@lafase.cl<\/a>[\/vc_column_text][\/vc_tta_section][vc_tta_section i_icon_fontawesome=\u00a0\u00bbfas fa-futbol\u00a0\u00bb add_icon=\u00a0\u00bbtrue\u00a0\u00bb title=\u00a0\u00bbAPE Chamisero\u00a0\u00bb tab_id=\u00a0\u00bb1742386215069-8088b45d-ea84&Prime;][vc_btn title=\u00a0\u00bbProgramme maternelle Chamisero\u00a0\u00bb color=\u00a0\u00bbsky\u00a0\u00bb link=\u00a0\u00bburl:https%3A%2F%2Flafase.cl%2Fwp-content%2Fuploads%2F2026%2F02%2FPrograma-APE-2026-Chamisero-Maternelle.pdf\u00a0\u00bb][vc_btn title=\u00a0\u00bbProgramme \u00e9l\u00e9mentaire Chamisero\u00a0\u00bb color=\u00a0\u00bbsky\u00a0\u00bb link=\u00a0\u00bburl:https%3A%2F%2Flafase.cl%2Fwp-content%2Fuploads%2F2026%2F02%2FPrograma-APE-2026-Chamisero-Ba%CC%81sica-1.pdf\u00a0\u00bb][vc_btn title=\u00a0\u00bbProgramme secondaire Chamisero\u00a0\u00bb color=\u00a0\u00bbsky\u00a0\u00bb link=\u00a0\u00bburl:https%3A%2F%2Flafase.cl%2Fwp-content%2Fuploads%2F2026%2F02%2FPrograma-APE-2026-Chamisero-Secundaria.pdf\u00a0\u00bb][vc_btn title=\u00a0\u00bbR\u00e8glement APE\u00a0\u00bb color=\u00a0\u00bbdanger\u00a0\u00bb align=\u00a0\u00bbleft\u00a0\u00bb link=\u00a0\u00bburl:https%3A%2F%2Flafase.cl%2Fwp-content%2Fuploads%2F2026%2F02%2FREGLAMENTO-ACTIVIDADES-EXTRA-PROGRAMA%CC%81TICAS.pdf\u00a0\u00bb][vc_column_text]Contact : <a href=\"mailto:ape.chamisero@lafase.cl\">ape.chamisero@lafase.cl<\/a>[\/vc_column_text][\/vc_tta_section][\/vc_tta_accordion][vc_tta_accordion style=\u00a0\u00bboutline\u00a0\u00bb color=\u00a0\u00bbsky\u00a0\u00bb active_section=\u00a0\u00bb\u00a0\u00bb no_fill=\u00a0\u00bbtrue\u00a0\u00bb collapsible_all=\u00a0\u00bbtrue\u00a0\u00bb][vc_tta_section i_icon_fontawesome=\u00a0\u00bbfas fa-sign-in-alt\u00a0\u00bb add_icon=\u00a0\u00bbtrue\u00a0\u00bb title=\u00a0\u00bbInscriptions\u00a0\u00bb tab_id=\u00a0\u00bb1742386603461-5e848b1f-c214&Prime;][vc_btn title=\u00a0\u00bbInscription pas \u00e0 pas\u00a0\u00bb color=\u00a0\u00bbmulled-wine\u00a0\u00bb align=\u00a0\u00bbleft\u00a0\u00bb i_icon_fontawesome=\u00a0\u00bb\u00a0\u00bb add_icon=\u00a0\u00bbtrue\u00a0\u00bb link=\u00a0\u00bburl:https%3A%2F%2Flafase.cl%2Fwp-content%2Fuploads%2F2024%2F02%2FPaso-a-paso-APE-2024.pdf\u00a0\u00bb][vc_column_text]<strong><span style=\"color: #ff0000;\">Les activit\u00e9s commencent lundi 16 mars<\/span><\/strong><\/p>\n<p><span style=\"font-weight: 400;\">Afin de mieux g\u00e9rer les inscriptions, celles-ci se feront par niveau, aux dates et heures suivantes:<\/span><\/p>\n<table>\n<tbody>\n<tr>\n<td><b>Niveaux<\/b><\/td>\n<td><b>Dates d\u2019inscription<\/b><\/td>\n<td><b>Horaire<\/b><\/td>\n<\/tr>\n<tr>\n<td><span style=\"font-weight: 400;\">GS et Secondaire\u00a0<\/span><\/td>\n<td><span style=\"font-weight: 400;\">Lundi 2 mars + vendredi 6 mars<\/span><\/td>\n<td><span style=\"font-weight: 400;\">8h \u00e0 22h<\/span><\/td>\n<\/tr>\n<tr>\n<td><span style=\"font-weight: 400;\">GS et Secondaire<\/span><\/td>\n<td>\n<ul>\n<li style=\"font-weight: 400;\" aria-level=\"1\"><span style=\"font-weight: 400;\">Samedi 7 mars<\/span><\/li>\n<\/ul>\n<\/td>\n<td><span style=\"font-weight: 400;\">8h \u00e0 13h<\/span><\/td>\n<\/tr>\n<tr>\n<td><span style=\"font-weight: 400;\">CP<\/span><\/td>\n<td><span style=\"font-weight: 400;\">Mardi 3 mars + vendredi 6 mars<\/span><\/td>\n<td><span style=\"font-weight: 400;\">8h \u00e0 22h<\/span><\/td>\n<\/tr>\n<tr>\n<td><span style=\"font-weight: 400;\">CP<\/span><\/td>\n<td>\n<ul>\n<li style=\"font-weight: 400;\" aria-level=\"1\"><span style=\"font-weight: 400;\">Samedi 7 mars<\/span><\/li>\n<\/ul>\n<\/td>\n<td><span style=\"font-weight: 400;\">8h \u00e0 13h<\/span><\/td>\n<\/tr>\n<tr>\n<td><span style=\"font-weight: 400;\">CE1 et CE2<\/span><\/td>\n<td><span style=\"font-weight: 400;\">Mercredi 4 mars + vendredi 6 mars<\/span><\/td>\n<td><span style=\"font-weight: 400;\">8h \u00e0 22h<\/span><\/td>\n<\/tr>\n<tr>\n<td><span style=\"font-weight: 400;\">CE1 et CE2<\/span><\/td>\n<td>\n<ul>\n<li style=\"font-weight: 400;\" aria-level=\"1\"><span style=\"font-weight: 400;\">Samedi 7 mars\u00a0<\/span><\/li>\n<\/ul>\n<\/td>\n<td><span style=\"font-weight: 400;\">8h \u00e0 13h<\/span><\/td>\n<\/tr>\n<tr>\n<td><span style=\"font-weight: 400;\">CM1 et CM2<\/span><\/td>\n<td><span style=\"font-weight: 400;\">Jeudi 5 mars + vendredi 6 mars<\/span><\/td>\n<td><span style=\"font-weight: 400;\">8h \u00e0 22h<\/span><\/td>\n<\/tr>\n<tr>\n<td><span style=\"font-weight: 400;\">CM1 et CM2<\/span><\/td>\n<td>\n<ul>\n<li style=\"font-weight: 400;\" aria-level=\"1\"><span style=\"font-weight: 400;\">Samedi 7 mars\u00a0<\/span><\/li>\n<\/ul>\n<\/td>\n<td><span style=\"font-weight: 400;\">8h \u00e0 13h<\/span><\/td>\n<\/tr>\n<\/tbody>\n<\/table>\n<p style=\"text-align: justify;\"><span style=\"font-weight: 400;\">L&rsquo;inscription se fait en ligne sur le lien suivant : <\/span><a href=\"https:\/\/schoolnet.colegium.com\/webapp\/es_CL\/\"><span style=\"font-weight: 400;\">https:\/\/schoolnet.colegium.com\/webapp\/es_CL\/<\/span><\/a><span style=\"font-weight: 400;\">\u00a0<\/span><\/p>\n<ul style=\"text-align: justify;\">\n<li style=\"font-weight: 400;\" aria-level=\"1\"><span style=\"font-weight: 400;\">Pour acc\u00e9der \u00e0 la plateforme, vous devez \u00eatre en possession de votre mot de passe de Schoolnet. Dans le cas de mot de passe oubli\u00e9, veuillez utiliser le lien suivant afin de le r\u00e9cup\u00e9rer:<\/span><a href=\"https:\/\/schoolnet.colegium.com\/webapp\/es_CL\/login\"> <span style=\"font-weight: 400;\">https:\/\/schoolnet.colegium.com\/webapp\/es_CL\/login<\/span><\/a><span style=\"font-weight: 400;\"> -&gt; presionar bot\u00f3n <\/span><b>\u00bfOlvidaste tu Contrase\u00f1a?\u201d<\/b><\/li>\n<li style=\"font-weight: 400;\" aria-level=\"1\"><span style=\"font-weight: 400;\">Si vous avez des doutes ou des difficult\u00e9s \u00e0 vous connecter, veuillez contacter <\/span><a href=\"mailto:soporte@lafase.cl\"><span style=\"font-weight: 400;\">soporte@lafase.cl<\/span><span style=\"font-weight: 400;\">\u00a0<\/span><\/a><\/li>\n<\/ul>\n<p style=\"text-align: justify;\"><b>IMPORTANT :<\/b><\/p>\n<ol>\n<li style=\"text-align: justify;\"><span style=\"font-weight: 400;\"> Les \u00e9l\u00e8ves peuvent s&rsquo;inscrire \u00e0 autant d&rsquo;ateliers APE qu&rsquo;ils le souhaitent.\u00a0<\/span><\/li>\n<li style=\"text-align: justify;\"><span style=\"font-weight: 400;\"> Seuls les ateliers APE qui comptent un <\/span><b>minimum de 10 \u00e9l\u00e8ves inscrits<\/b><span style=\"font-weight: 400;\"> pourront avoir lieu. Si, \u00e0 la fin du processus d&rsquo;inscription, votre enfant se retrouve dans une APE o\u00f9 il n&rsquo;y a pas assez d&rsquo;\u00e9l\u00e8ves inscrits, nous vous contacterons pour vous proposer des alternatives.<\/span><\/li>\n<li style=\"text-align: justify;\"><span style=\"font-weight: 400;\"> Durant la semaine du 16 mars, la premi\u00e8re session de l&rsquo;APE est une session d&rsquo;essai. Si l&rsquo;\u00e9l\u00e8ve ne souhaite pas rester dans l&rsquo;APE choisie, il doit envoyer un e-mail explicite \u00e0 <\/span><a href=\"mailto:ape.vitacura@lafase.cl\"><span style=\"font-weight: 400;\">ape.vitacura@lafase.cl<\/span><\/a><span style=\"font-weight: 400;\"> ou <\/span><a href=\"mailto:ape.chamisero@lafase.cl\"><span style=\"font-weight: 400;\">ape.chamisero@lafase.cl<\/span><\/a><span style=\"font-weight: 400;\">, <\/span><b>avant le samedi 21 mars \u00e0 13h pour se retirer ou demander un changement d&rsquo;activit\u00e9. Apr\u00e8s cette date, aucune annulation ne sera possible et le paiement pour l&rsquo;APE sera d\u00fb pour le semestre.<\/b><\/li>\n<\/ol>\n<p>[\/vc_column_text][\/vc_tta_section][vc_tta_section i_icon_fontawesome=\u00a0\u00bbfas fa-dollar-sign\u00a0\u00bb add_icon=\u00a0\u00bbtrue\u00a0\u00bb title=\u00a0\u00bbTarifs\u00a0\u00bb tab_id=\u00a0\u00bb1742386603481-e9c097c7-7b64&Prime;][vc_column_text]<\/p>\n<table>\n<tbody>\n<tr>\n<td colspan=\"3\"><span style=\"font-weight: 400;\">Tarifas <\/span><b>APE<\/b><span style=\"font-weight: 400;\"> 2026<\/span><\/td>\n<\/tr>\n<tr>\n<td colspan=\"3\"><span style=\"font-weight: 400;\">Valor semestral<\/span><\/td>\n<\/tr>\n<tr>\n<td><span style=\"font-weight: 400;\">\u00a0<\/span><\/td>\n<td><span style=\"font-weight: 400;\">1ra y 2da APE<\/span><\/td>\n<td><span style=\"font-weight: 400;\">A partir de 3 APE<\/span><\/td>\n<\/tr>\n<tr>\n<td><span style=\"font-weight: 400;\">Maternelle GS (incluye almuerzo)<\/span><\/td>\n<td><span style=\"font-weight: 400;\">8 UF<\/span><\/td>\n<td><span style=\"font-weight: 400;\">7 UF<\/span><\/td>\n<\/tr>\n<tr>\n<td><span style=\"font-weight: 400;\">Maternelle GS combinado con Le Petit Prince<\/span><\/td>\n<td><span style=\"font-weight: 400;\">7 UF<\/span><\/td>\n<td><span style=\"font-weight: 400;\">7 UF<\/span><\/td>\n<\/tr>\n<tr>\n<td><span style=\"font-weight: 400;\">B\u00e1sica y Secundaria<\/span><\/td>\n<td><span style=\"font-weight: 400;\">6 UF<\/span><\/td>\n<td><span style=\"font-weight: 400;\">5,5 UF<\/span><\/td>\n<\/tr>\n<tr>\n<td colspan=\"3\"><span style=\"font-weight: 400;\">Tarifas <\/span><b>Ramas<\/b><span style=\"font-weight: 400;\"> 2026<\/span><\/td>\n<\/tr>\n<tr>\n<td colspan=\"3\"><span style=\"font-weight: 400;\">Valor semestral<\/span><\/td>\n<\/tr>\n<tr>\n<td><span style=\"font-weight: 400;\">Todas las ramas<\/span><\/td>\n<td><span style=\"font-weight: 400;\">7 UF<\/span><\/td>\n<td><span style=\"font-weight: 400;\">\u00a0<\/span><\/td>\n<\/tr>\n<\/tbody>\n<\/table>\n<p>[\/vc_column_text][\/vc_tta_section][vc_tta_section i_icon_fontawesome=\u00a0\u00bbfas fa-money-check\u00a0\u00bb add_icon=\u00a0\u00bbtrue\u00a0\u00bb title=\u00a0\u00bbPaiement\u00a0\u00bb tab_id=\u00a0\u00bb1742387528057-bfe66168-f094&Prime;][vc_column_text]<\/p>\n<p style=\"text-align: justify;\"><span style=\"font-weight: 400;\">Bien que l&rsquo;inscription aux APE soit annuelle, le paiement continuera \u00e0 \u00eatre semestriel.\u00a0<\/span><\/p>\n<p style=\"text-align: justify;\"><span style=\"font-weight: 400;\">Au cours de la premi\u00e8re semaine d&rsquo;avril, le repr\u00e9sentant financier recevra la facture correspondant aux activit\u00e9s de son\/ses enfant(s).\u00a0<\/span><\/p>\n<p style=\"text-align: justify;\"><span style=\"font-weight: 400;\">Le paiement s&rsquo;effectue par le biais de la plateforme Schoolnet ou en personne au d\u00e9partement des finances.<\/span><\/p>\n<p style=\"text-align: justify;\"><span style=\"font-weight: 400;\">Nous vous rappelons que pour assurer l&rsquo;inscription aux ateliers APE 2026, les activit\u00e9s des APE 2025 doivent \u00eatre pay\u00e9es. Si vous avez des questions, veuillez contacter <\/span><a href=\"mailto:finanzas@lafase.cl\"><span style=\"font-weight: 400;\">finanzas@lafase.cl<\/span><\/a><span style=\"font-weight: 400;\"> .\u00a0<\/span><\/p>\n<p>[\/vc_column_text][\/vc_tta_section][vc_tta_section i_icon_fontawesome=\u00a0\u00bbfas fa-church\u00a0\u00bb add_icon=\u00a0\u00bbtrue\u00a0\u00bb title=\u00a0\u00bbCours de religion gratuits\u00a0\u00bb tab_id=\u00a0\u00bb1742387578058-9b07ee31-cbca\u00a0\u00bb][vc_column_text]<\/p>\n<p style=\"text-align: justify;\"><span style=\"font-weight: 400;\">Conform\u00e9ment \u00e0 la loi, l&rsquo;\u00e9cole offre chaque ann\u00e9e des cours gratuits de religion catholique aux heures suivantes :\u00a0<\/span><\/p>\n<ul style=\"text-align: justify;\">\n<li style=\"font-weight: 400;\" aria-level=\"1\"><span style=\"font-weight: 400;\">\u00c9l\u00e9mentaire: entre 14h30 et 16h00.\u00a0<\/span><\/li>\n<li style=\"font-weight: 400;\" aria-level=\"1\"><span style=\"font-weight: 400;\">Secondaire: entre 16h30 et 18h00.<\/span><\/li>\n<\/ul>\n<p style=\"text-align: justify;\"><b>Important:<\/b><span style=\"font-weight: 400;\"> Par d\u00e9cision de l&rsquo;Archev\u00each\u00e9, ces cours ne pr\u00e9parent pas les \u00e9l\u00e8ves aux communions.<\/span><\/p>\n<p>[\/vc_column_text][\/vc_tta_section][\/vc_tta_accordion][\/vc_column][\/vc_row]<\/p>\n<\/section>","protected":false},"excerpt":{"rendered":"<p>[vc_row][vc_column][vc_custom_heading text=\u00a0\u00bbActivit\u00e9s p\u00e9ri-\u00e9ducatives (APE)\u00a0\u00bb use_theme_fonts=\u00a0\u00bbyes\u00a0\u00bb][vc_column_text] Les activit\u00e9s propos\u00e9es par notre \u00e9tablissement dans le cadre des activit\u00e9s p\u00e9ri-\u00e9ducatives associent tous les&nbsp;<a href=\"https:\/\/lafase.cl\/fr\/vie-a-lecole\/activites-peri-educatives-ape\/\">&hellip;<\/a><\/p>\n","protected":false},"author":3,"featured_media":0,"parent":11599,"menu_order":1,"comment_status":"closed","ping_status":"closed","template":"","meta":{"om_disable_all_campaigns":false,"_monsterinsights_skip_tracking":false,"_monsterinsights_sitenote_active":false,"_monsterinsights_sitenote_note":"","_monsterinsights_sitenote_category":0},"aioseo_notices":[],"_links":{"self":[{"href":"https:\/\/lafase.cl\/fr\/wp-json\/wp\/v2\/pages\/1978"}],"collection":[{"href":"https:\/\/lafase.cl\/fr\/wp-json\/wp\/v2\/pages"}],"about":[{"href":"https:\/\/lafase.cl\/fr\/wp-json\/wp\/v2\/types\/page"}],"author":[{"embeddable":true,"href":"https:\/\/lafase.cl\/fr\/wp-json\/wp\/v2\/users\/3"}],"replies":[{"embeddable":true,"href":"https:\/\/lafase.cl\/fr\/wp-json\/wp\/v2\/comments?post=1978"}],"version-history":[{"count":64,"href":"https:\/\/lafase.cl\/fr\/wp-json\/wp\/v2\/pages\/1978\/revisions"}],"predecessor-version":[{"id":88406,"href":"https:\/\/lafase.cl\/fr\/wp-json\/wp\/v2\/pages\/1978\/revisions\/88406"}],"up":[{"embeddable":true,"href":"https:\/\/lafase.cl\/fr\/wp-json\/wp\/v2\/pages\/11599"}],"wp:attachment":[{"href":"https:\/\/lafase.cl\/fr\/wp-json\/wp\/v2\/media?parent=1978"}],"curies":[{"name":"wp","href":"https:\/\/api.w.org\/{rel}","templated":true}]}}